{"id":18005,"date":"2021-04-06T17:11:19","date_gmt":"2021-04-06T15:11:19","guid":{"rendered":"https:\/\/www.moser-marzi.at\/?page_id=18005"},"modified":"2026-04-23T18:50:52","modified_gmt":"2026-04-23T16:50:52","slug":"scientific-work","status":"publish","type":"page","link":"https:\/\/www.moser-marzi.at\/en\/publications\/scientific-work\/","title":{"rendered":"Articles, Books and Scientific Work"},"content":{"rendered":"<div class=\"fusion-fullwidth fullwidth-box fusion-builder-row-1 nonhundred-percent-fullwidth non-hundred-percent-height-scrolling\" style=\"--awb-background-position:left top;--awb-border-sizes-top:0px;--awb-border-sizes-bottom:0px;--awb-border-sizes-left:0px;--awb-border-sizes-right:0px;--awb-border-radius-top-left:0px;--awb-border-radius-top-right:0px;--awb-border-radius-bottom-right:0px;--awb-border-radius-bottom-left:0px;--awb-padding-top:40px;--awb-padding-bottom:80px;--awb-flex-wrap:wrap;\" ><div class=\"fusion-builder-row fusion-row\"><div class=\"fusion-layout-column fusion_builder_column fusion-builder-column-0 fusion_builder_column_1_1 1_1 fusion-one-full fusion-column-first fusion-column-last green-border rounded-border\" style=\"--awb-padding-top:30px;--awb-padding-right:50px;--awb-padding-bottom:20px;--awb-padding-left:50px;--awb-bg-color:#ffffff;--awb-bg-color-hover:#ffffff;--awb-bg-size:cover;--awb-border-color:#e2e2e2;--awb-border-top:1px;--awb-border-right:1px;--awb-border-bottom:1px;--awb-border-left:1px;--awb-border-style:solid;\"><div class=\"fusion-column-wrapper fusion-flex-column-wrapper-legacy\"><div class=\"fusion-column-content-centered\"><div class=\"fusion-column-content\"><div class=\"fusion-text fusion-text-1\"><h3>&#x1f6a8; \u201cPlastic Tax\u201d in Austria: Much Ado About Nothing\u2014and That\u2019s a Good Thing.<\/h3>\n<p>In recent weeks, there has been intense debate over a national tax on single-use plastic packaging.<br \/>\nThe sole aim was to finance budgetary measures and allegedly promote the circular economy.<\/p>\n<p>&#x1f449; Now it\u2019s clear:<br \/>\n<span style=\"color: #0000ff;\"><strong>The \u201cplastic tax\u201d will not be pursued further.<\/strong><\/span><br \/>\nAnd in our view, that is the right decision.<\/p>\n<p><span style=\"color: #0000ff;\"><strong>&#x1f4a1; Why we viewed the planned tax critically:<\/strong><\/span><br \/>\nIn our statement, we highlighted three key points in particular:<\/p>\n<p><strong><span style=\"color: #0000ff;\">1. No real incentive effect<\/span><\/strong><br \/>\nThe proposed structure would have imposed a flat-rate charge on all packaging\u2014regardless of whether it is already recyclable or contains recycled materials.<br \/>\n&#x1f449; Result: a pure additional tax rather than an environmental policy tool.<br \/>\n&#x1f449; A link to the use of recycled materials, as well as an exemption or reduction for the use of recycled materials, would be necessary.<\/p>\n<p><span style=\"color: #0000ff;\"><strong>2. Incorrect attribution of responsibility<\/strong><\/span><br \/>\nManufacturers can design packaging\u2014but cannot control whether it is actually recycled.<br \/>\n&#x1f449; A levy based on actual recycling would therefore attribute the behavior of others to the manufacturer.<br \/>\n&#x1f449; However, recyclability depends largely on external factors such as collection infrastructure and sorting capabilities.<br \/>\n&#x1f449; Whether actual recycling takes place also depends largely on consumer behavior and is therefore not subject to the manufacturer\u2019s direct control.<\/p>\n<p><span style=\"color: #0000ff;\"><strong>3. Threat to existing circular systems<\/strong><\/span><br \/>\nEven highly effective systems like the single-use deposit scheme would have been affected\u2014despite recycling rates nearing 100%.<br \/>\n&#x1f449; This would have penalized rather than strengthened the functioning circular economy.<\/p>\n<p><strong><span style=\"color: #0000ff;\">&#x1f4c4; Our position is clear<\/span><\/strong><br \/>\nMeaningful regulation must focus on areas where companies actually have influence:<br \/>\n1. Use of recycled materials<br \/>\n2. Design for recycling<br \/>\n3. Clear, measurable criteria<br \/>\n&#x1f449; Only this way can a genuine incentive effect be created.<\/p>\n<p><strong><span style=\"color: #0000ff;\">&#x2696;&#xfe0f; Conclusion<\/span><\/strong><br \/>\nThe planned tax would have placed a massive burden on Austria as a business location\u2014without any environmental benefit.<br \/>\nEspecially in a phase of rising raw material prices and high costs, this would have been an additional burden for industry and consumers.<br \/>\n&#x1f449; The decision not to proceed down this path is therefore logical.<\/p>\n<p><strong><span style=\"color: #0000ff;\">&#x267b;&#xfe0f; The way forward<\/span><\/strong><br \/>\nDon\u2019t tax across the board\u2014instead, implement targeted measures.<\/p>\n<p><strong><span style=\"color: #0000ff;\">Promote recycling instead of imposing blanket taxes.<\/span><\/strong><\/p>\n<p>&#x1f4e9; Our full statement (including legal analysis and specific recommendations for action) can be found<strong> <a href=\"https:\/\/www.moser-marzi.at\/wp-content\/uploads\/Stellungnahme-zur-geplanten-Einfuehrung-eines-Gesetzes-zur-Erhebung-einer-Steuer-auf-nicht-recycelte-Einwegkunststoffverpackungen-Moser-Marzi-RAe-1.pdf\">here<\/a>.<\/strong><\/p>\n<p><span style=\"color: #0000ff;\">#CircularEconomy #PlasticTax #Recycling #Sustainability #IndustrialPolicy #Austria #Business #Waste #RecycledMaterials <\/span><br \/>\n<span style=\"color: #0000ff;\">#ElisabethMoserMarzi #LukasWeinhandl #MoserMarziRAe<\/span><\/p>\n<\/div><div class=\"fusion-sep-clear\"><\/div><div class=\"fusion-separator fusion-full-width-sep\" style=\"margin-left: auto;margin-right: auto;margin-top:15px;margin-bottom:0px;width:100%;\"><\/div><div class=\"fusion-sep-clear\"><\/div><\/div><\/div><div class=\"fusion-clearfix\"><\/div><\/div><\/div><div class=\"fusion-layout-column fusion_builder_column fusion-builder-column-1 fusion_builder_column_1_1 1_1 fusion-one-full fusion-column-first fusion-column-last green-border rounded-border\" style=\"--awb-padding-top:30px;--awb-padding-right:50px;--awb-padding-bottom:20px;--awb-padding-left:50px;--awb-bg-color:#ffffff;--awb-bg-color-hover:#ffffff;--awb-bg-size:cover;--awb-border-color:#e2e2e2;--awb-border-top:1px;--awb-border-right:1px;--awb-border-bottom:1px;--awb-border-left:1px;--awb-border-style:solid;\"><div class=\"fusion-column-wrapper fusion-flex-column-wrapper-legacy\"><div class=\"fusion-column-content-centered\"><div class=\"fusion-column-content\"><div class=\"fusion-text fusion-text-2\"><h3><strong>&#x267b;&#xfe0f; Opinion on the Single-Use Plastics Directive (SUP Directive): Regulations on single-use plastic products and fishing gear &#x1f41f;&#x1f6ab;<\/strong><\/h3>\n<p>Moser-Marzi Attorneys at Law (Attorney <a class=\"e984bcc8 _5aaa259f\" href=\"https:\/\/www.linkedin.com\/in\/elisabeth-moser-marzi-583849158\/\"><span class=\"_02aae2fe\"><strong>Elisabeth Moser-Marzi<\/strong><\/span><\/a>, Attorney <a class=\"e984bcc8 _5aaa259f\" href=\"https:\/\/www.linkedin.com\/in\/lukasweinhandl\/\"><span class=\"_02aae2fe\"><strong>Lukas Weinhandl<\/strong><\/span><\/a>) have prepared a comprehensive legal opinion on behalf of the <a class=\"e984bcc8 _5aaa259f\" href=\"https:\/\/www.linkedin.com\/company\/%C3%B6sterreichischer-carbon-cycle-circle\/\"><span class=\"_02aae2fe\"><strong>\u00d6sterreichischer Carbon Cycle Circle<\/strong><\/span><\/a> (\u00d6CC\u00b2) as part of the public EU consultation on the Single-Use Plastics Directive (SUP Directive).<\/p>\n<p>The upcoming evaluation by the European Commission offers a key opportunity to critically assess the effectiveness of existing measures as well as their economic and regulatory impacts. &#x1f50d;&#x1f1ea;&#x1f1fa;<\/p>\n<p>Our analysis shows: The directive provides impetus for reducing littering and promoting the circular economy\u2014but at the same time reveals structural weaknesses and implementation shortcomings. &#x1f4c9;&#x1f4a1;<\/p>\n<p>Key points of our statement:<br \/>\n&#x1f6ab; Limited regulatory impact of material-specific marketing bans, with environmentally harmful substitution effects<br \/>\n&#x1f3f7;&#xfe0f; Limited effectiveness of labeling requirements due to consumers\u2019 failure to actually take notice<br \/>\n&#x2696;&#xfe0f; Structural one-sidedness of extended producer responsibility (EPR) without corresponding obligations for consumers<br \/>\n&#x1f4ca; Efficiency deficits in collection and recycling systems (SuV) compared to international standards (e.g., Japan)<br \/>\n&#x1f37e; Practical doubts regarding the effectiveness of individual product requirements (e.g., tethered caps)<br \/>\n&#x1f9e9; Fragmentation relevant to the single market due to differing national end-of-waste approaches<br \/>\n&#x1f1ea;&#x1f1fa;&#x1f4c9; Adverse economic conditions in Europe<\/p>\n<p>Our conclusion: &#x1f3c1;<br \/>\nEffectively reducing littering and certain types of plastic waste requires more than product-specific bans and producer responsibility.<br \/>\nWhat is needed is a coherent, systemic approach that ensures ecological effectiveness, legal clarity, and economic viability in equal measure. &#x1f504;&#x2705;<\/p>\n<p>In particular, the following are needed:<br \/>\n&#x1f464; Legal standardization of obligations\u2014particularly collection obligations\u2014for consumers,<br \/>\n&#x1f4dc; Clear and EU-wide harmonized legal requirements,<br \/>\n&#x1f4c8; As well as market-effective instruments to promote recycled plastics over virgin plastics.<\/p>\n<p>We would like to thank the members of the \u00d6CC\u00b2 association, as well as the Plastics Cluster, ecoplus. Lower Austria Economic Agency GmbH (<a class=\"e984bcc8 _5aaa259f\" href=\"https:\/\/www.linkedin.com\/company\/kunststoff-cluster\/\"><span class=\"_02aae2fe\"><strong>Kunststoff-Cluster<\/strong><\/span><\/a>, <a class=\"e984bcc8 _5aaa259f\" href=\"https:\/\/www.linkedin.com\/company\/ecoplus-noe\/\"><span class=\"_02aae2fe\"><strong>ecoplus. Nieder\u00f6sterreichs Wirtschaftsagentur GmbH<\/strong><\/span><\/a>), and the Austrian Federal Economic Chamber (<a class=\"e984bcc8 _5aaa259f\" href=\"https:\/\/www.linkedin.com\/company\/wirtschaftskammer\/\"><span class=\"_02aae2fe\"><strong>Wirtschaftskammer \u00d6sterreich<\/strong><\/span><\/a> )for the intensive professional exchange! &#x1f64c;&#x1f91d;<\/p>\n<p>The full statement can be found <a href=\"https:\/\/www.moser-marzi.at\/wp-content\/uploads\/Stellungnahme-zur-SUP-RL-EF-2.pdf\">here<\/a>.<\/p>\n<p>#SUP #SingleUsePlasticsDirective #CircularEconomy #EULaw #WasteLaw<br \/>\n#CircularEconomy #Recycling #RecycledMaterials #InternalMarket #GreenDeal<br \/>\n#Business #Waste #Recycling #RecycledMaterials<br \/>\n#\u00d6CC2 #KC #ecoplus #WKO #MoserMarziRAe<\/p>\n<\/div><div class=\"fusion-sep-clear\"><\/div><div class=\"fusion-separator fusion-full-width-sep\" style=\"margin-left: auto;margin-right: auto;margin-top:15px;margin-bottom:0px;width:100%;\"><\/div><div class=\"fusion-sep-clear\"><\/div><\/div><\/div><div class=\"fusion-clearfix\"><\/div><\/div><\/div><div class=\"fusion-layout-column fusion_builder_column fusion-builder-column-2 fusion_builder_column_1_1 1_1 fusion-one-full fusion-column-first fusion-column-last green-border rounded-border\" style=\"--awb-padding-top:30px;--awb-padding-right:50px;--awb-padding-bottom:20px;--awb-padding-left:50px;--awb-bg-color:#ffffff;--awb-bg-color-hover:#ffffff;--awb-bg-size:cover;--awb-border-color:#e2e2e2;--awb-border-top:1px;--awb-border-right:1px;--awb-border-bottom:1px;--awb-border-left:1px;--awb-border-style:solid;\"><div class=\"fusion-column-wrapper fusion-flex-column-wrapper-legacy\"><div class=\"fusion-column-content-centered\"><div class=\"fusion-column-content\"><div class=\"fusion-text fusion-text-3\"><h3>&#x267b;&#xfe0f; Statement on the EU Winter Package 2025: Plastic waste<\/h3>\n<p>Moser-Marzi Rechtsanw\u00e4lte has prepared a comprehensive legal opinion on the EU Winter Package of December 23, 2025, for the Austrian Carbon Cycle Circle (\u00d6CC\u00b2) association.<\/p>\n<p>The European Commission&#8217;s pilot initiative provides important impetus for the transition to a functioning circular economy \u2013 but also highlights where legal clarifications and market-stabilizing measures are urgently needed.<\/p>\n<p>Key points of our analysis:<br \/>\n\u2022 Harmonization of end-of-waste criteria as the key to investment security and the functioning of the internal market<br \/>\n\u2022 Clear distinction between producer responsibility, testing obligations, and in-house material flows<br \/>\n\u2022 Legally secure classification of chemical recycling while maintaining the waste hierarchy<br \/>\n\u2022 Critical assessment of the temporary \u201cMade in Europe\u201d credit<br \/>\n\u2022 Lack of demand instruments and untested\/uncertified cheap imports of recycled materials as a central systemic deficit of the current approach<\/p>\n<p>Our conclusion:<br \/>\nA functioning circular economy requires not only ambitious targets, but also coherent, proportionate, and market-effective framework conditions that secure European recycling capacities in the long term.<\/p>\n<p>We would like to thank the members of the \u00d6CC\u00b2 association and the KC for the expert exchange!<\/p>\n<p>The full statement can be found <a href=\"https:\/\/www.moser-marzi.at\/wp-content\/uploads\/Stellungnahme-zum-Winterpaket-der-EU-EF.pdf\">here<\/a>.<\/p>\n<p>#EUWinterPackage #CircularEconomy #EULaw #WasteLaw #PlasticRecycling<br \/>\n#EndOfWaste #CircularEconomy #GreenDeal #SustainableMaterials<br \/>\n#Recyclates #ChemicalRecycling #InternalMarket<br \/>\n#\u00d6CC2 #KC #MoserMarziRAe<\/p>\n<\/div><div class=\"fusion-sep-clear\"><\/div><div class=\"fusion-separator fusion-full-width-sep\" style=\"margin-left: auto;margin-right: auto;margin-top:15px;margin-bottom:0px;width:100%;\"><\/div><div class=\"fusion-sep-clear\"><\/div><\/div><\/div><div class=\"fusion-clearfix\"><\/div><\/div><\/div><div class=\"fusion-layout-column fusion_builder_column fusion-builder-column-3 fusion_builder_column_1_1 1_1 fusion-one-full fusion-column-first fusion-column-last green-border rounded-border\" style=\"--awb-padding-top:30px;--awb-padding-right:50px;--awb-padding-bottom:20px;--awb-padding-left:50px;--awb-bg-color:#ffffff;--awb-bg-color-hover:#ffffff;--awb-bg-size:cover;--awb-border-color:#e2e2e2;--awb-border-top:1px;--awb-border-right:1px;--awb-border-bottom:1px;--awb-border-left:1px;--awb-border-style:solid;\"><div class=\"fusion-column-wrapper fusion-flex-column-wrapper-legacy\"><div class=\"fusion-column-content-centered\"><div class=\"fusion-column-content\"><div class=\"fusion-text fusion-text-4\"><h4>E. Moser-Marzi (2023)<\/h4>\n<p>Supply chains: Directive ante portas, MC-report, Issue 2 &#8211; November 2023<\/p>\n<p><a href=\"https:\/\/www.moser-marzi.at\/wp-content\/uploads\/MC-report_2-2023-Lieferketten.pdf\">MC-report_2-2023 &#8211; Lieferketten<\/a><\/p>\n<\/div><div class=\"fusion-sep-clear\"><\/div><div class=\"fusion-separator fusion-full-width-sep\" style=\"margin-left: auto;margin-right: auto;margin-top:15px;margin-bottom:0px;width:100%;\"><\/div><div class=\"fusion-sep-clear\"><\/div><\/div><\/div><div class=\"fusion-clearfix\"><\/div><\/div><\/div><div class=\"fusion-layout-column fusion_builder_column fusion-builder-column-4 fusion_builder_column_1_1 1_1 fusion-one-full fusion-column-first fusion-column-last green-border rounded-border\" style=\"--awb-padding-top:30px;--awb-padding-right:50px;--awb-padding-bottom:20px;--awb-padding-left:50px;--awb-bg-color:#ffffff;--awb-bg-color-hover:#ffffff;--awb-bg-size:cover;--awb-border-color:#e2e2e2;--awb-border-top:1px;--awb-border-right:1px;--awb-border-bottom:1px;--awb-border-left:1px;--awb-border-style:solid;\"><div class=\"fusion-column-wrapper fusion-flex-column-wrapper-legacy\"><div class=\"fusion-column-content-centered\"><div class=\"fusion-column-content\"><div class=\"fusion-text fusion-text-5\"><h4>E. Moser-Marzi \/ L. Weinhandl (2023)<\/h4>\n<p>Legal Opinion &#8211; Unequal Treatment of Graduates of TherMilAk in the Military Service<\/p>\n<p>especially in relation to the classification of young graduates as &#8220;A 1 Bachelor&#8221; in general administration<\/p>\n<p><a href=\"https:\/\/www.moser-marzi.at\/wp-content\/uploads\/Rechtsgutachten-Ungleichbehandlung-der-Absolventen-der-TherMilAk-im-Militaerischen-Dienst.pdf\">Rechtsgutachten &#8211; Ungleichbehandlung der Absolventen der TherMilAk im Milit\u00e4rischen Dienst<\/a><a href=\"https:\/\/www.moser-marzi.at\/wp-content\/uploads\/Rechtsgutachten-Ungleichbehandlung-der-Absolventen-der-TherMilAk-im-Militaerischen-Dienst.pdf\">Rechtsgutachten &#8211; Ungleichbehandlung der Absolventen der TherMilAk im Milit\u00e4rischen Dienst<\/a><\/p>\n<\/div><div class=\"fusion-sep-clear\"><\/div><div class=\"fusion-separator fusion-full-width-sep\" style=\"margin-left: auto;margin-right: auto;margin-top:15px;margin-bottom:0px;width:100%;\"><\/div><div class=\"fusion-sep-clear\"><\/div><\/div><\/div><div class=\"fusion-clearfix\"><\/div><\/div><\/div><div class=\"fusion-layout-column fusion_builder_column fusion-builder-column-5 fusion_builder_column_1_1 1_1 fusion-one-full fusion-column-first fusion-column-last green-border rounded-border\" style=\"--awb-padding-top:30px;--awb-padding-right:50px;--awb-padding-bottom:20px;--awb-padding-left:50px;--awb-bg-color:#ffffff;--awb-bg-color-hover:#ffffff;--awb-bg-size:cover;--awb-border-color:#e2e2e2;--awb-border-top:1px;--awb-border-right:1px;--awb-border-bottom:1px;--awb-border-left:1px;--awb-border-style:solid;\"><div class=\"fusion-column-wrapper fusion-flex-column-wrapper-legacy\"><div class=\"fusion-column-content-centered\"><div class=\"fusion-column-content\"><div class=\"fusion-text fusion-text-6\"><h4>Moser-Marzi, E. (2021)<\/h4>\n<p>Der Kampf um das Pfand, RECYCLINGmagazin \u2013 28.07.2021<\/p>\n<h5><a href=\"https:\/\/www.moser-marzi.at\/wp-content\/uploads\/Kunststoffrecycling_Pfand_Artikel_072021.pdf\" target=\"_blank\" rel=\"noopener noreferrer\">Kunststoffrecycling \u2013 Pfand \u2013 Artikel 07\/2021 [PDF]<\/a><\/h5>\n<h4>Moser-Marzi, E. (2021)<\/h4>\n<p>Kunststoffe \u2013 die Werkstoffe des 21. Jahrhunderts und ihre Herausforderungen, Eccos 22 \u2013 04.03.2021<\/p>\n<h5><a href=\"https:\/\/www.moser-marzi.at\/wp-content\/uploads\/Kunststoffe_Artikel_03-2021.pdf\" target=\"_blank\" rel=\"noopener noreferrer\">Kunststoffe \u2013 Artikel 03-2021 [PDF]<\/a><\/h5>\n<h4>Moser-Marzi, E. \/ J\u00e4ger, J. (2018)<\/h4>\n<p>ACR-Forschungsinstitute verbessern Innovationsf\u00e4higkeit \u2013 der Beitrag der Austrian Cooperativ Research zur Forschung in \u00d6sterreich, Invent 2008 \/ 4, S 20 ff.<\/p>\n<h5><a href=\"https:\/\/www.moser-marzi.at\/wp-content\/uploads\/Invent_Austria_Artikel_04-2018.pdf\" target=\"_blank\" rel=\"noopener noreferrer\">Invent Austria \u2212 Artikel 04-2018 [PDF]<\/a><br \/>\n<a href=\"https:\/\/www.inventaustria.at\/\" target=\"_blank\" rel=\"noopener noreferrer\">www.inventaustria.at<\/a><\/h5>\n<h4>Moser-Marzi, E. \/ Schordan, C. \/ Baumann, H. (2007)<\/h4>\n<p>Verpackungsverordnung, Wien 2007, MANZ (September 2007)<\/p>\n<h4>Moser-Marzi, E. (2007)<\/h4>\n<p>Rechtsgutachten f\u00fcr den Verein EcoNet Austria \u00fcber Kostentragung betreffend Wiederverwendung von Elektro- und Elektronik-Altger\u00e4ten<\/p>\n<h4>Moser-Marzi, E. \/ Schordan, C. (2005)<\/h4>\n<p>Die Elektroaltger\u00e4teverordnung, ecolex 2005, 730<\/p>\n<h4>Moser-Marzi, E. \/ Schordan, C. (2005)<\/h4>\n<p>Checkliste: Die Pflichten aus der Elektroaltger\u00e4teverordnung, RdU 2005, 118<\/p>\n<h4>Moser-Marzi, E. \/ Schordan, C. (2005)<\/h4>\n<p>Muster: Teilnahmevertrag mit einem Sammel- und Verwertungssystembetreiber f\u00fcr Elektro- und Elektronikaltger\u00e4te&#8221;, RdU 2005, 120<\/p>\n<h4>Moser-Marzi, E. \/ Schordan, C. (2004)<\/h4>\n<p>Regulierungsbedarf f\u00fcr den Bereich der Sammlung und Verwertung von Verpackungen?, ecolex 2004, 902<\/p>\n<h4>Moser-Marzi, E. \/ Pommerening-Schober, R. \/ Schordan, C. (2004)<\/h4>\n<p>10 Jahre Verpackungsverordnung &#8211; Eine kritische W\u00fcrdigung f\u00fcr den Bereich der Kunststoffverpackungen, RdU 2004, 44<\/p>\n<\/div><div class=\"fusion-sep-clear\"><\/div><div class=\"fusion-separator fusion-full-width-sep\" style=\"margin-left: auto;margin-right: auto;margin-top:15px;margin-bottom:0px;width:100%;\"><\/div><div class=\"fusion-sep-clear\"><\/div><\/div><\/div><div class=\"fusion-clearfix\"><\/div><\/div><\/div><div class=\"fusion-layout-column fusion_builder_column fusion-builder-column-6 fusion_builder_column_1_1 1_1 fusion-one-full fusion-column-first fusion-column-last green-border rounded-border\" style=\"--awb-padding-top:30px;--awb-padding-right:50px;--awb-padding-bottom:20px;--awb-padding-left:50px;--awb-bg-color:#ffffff;--awb-bg-color-hover:#ffffff;--awb-bg-size:cover;--awb-border-color:#e2e2e2;--awb-border-top:1px;--awb-border-right:1px;--awb-border-bottom:1px;--awb-border-left:1px;--awb-border-style:solid;\"><div class=\"fusion-column-wrapper fusion-flex-column-wrapper-legacy\"><div class=\"fusion-column-content-centered\"><div class=\"fusion-column-content\"><div class=\"fusion-text fusion-text-7\"><h4>E. Moser-Marzi (1987)<\/h4>\n<p>The world is becoming a greenhouse &#8211; Management Report (1987)<\/p>\n<p>Sustainability and its improvement at a corporate level is of particular concern to us. The first article \u201cThe world is becoming a greenhouse\u201d by Ms. Moser-Marzi on the topics of climate protection and climate change was written in 1987 and published in the Management Report. Our law firm was therefore already specialized in climate and environmental issues in its early years and can look back on many years of experience.<\/p>\n<p><a href=\"https:\/\/www.moser-marzi.at\/wp-content\/uploads\/Die-Welt-verkommt-zum-Treibhaus.pdf\">The world is becoming a greenhouse<\/a><\/p>\n<\/div><div class=\"fusion-sep-clear\"><\/div><div class=\"fusion-separator fusion-full-width-sep\" style=\"margin-left: auto;margin-right: auto;margin-top:15px;margin-bottom:0px;width:100%;\"><\/div><div class=\"fusion-sep-clear\"><\/div><\/div><\/div><div class=\"fusion-clearfix\"><\/div><\/div><\/div><\/div><\/div>\n","protected":false},"excerpt":{"rendered":"","protected":false},"author":1,"featured_media":0,"parent":17989,"menu_order":0,"comment_status":"closed","ping_status":"closed","template":"100-width.php","meta":{"footnotes":""},"class_list":["post-18005","page","type-page","status-publish","hentry"],"yoast_head":"<!-- This site is optimized with the Yoast SEO plugin v27.4 - https:\/\/yoast.com\/product\/yoast-seo-wordpress\/ -->\n<title>Articles, Books and Scientific Work - Mag. Elisabeth Moser-Marzi<\/title>\n<meta name=\"description\" content=\"Scientific work - Law firm Mag. Moser-Marzi, Attorneys-at-Law in Vienna for civil law, economic law, environmental law, waste management law.\" \/>\n<meta name=\"robots\" content=\"index, follow, max-snippet:-1, max-image-preview:large, max-video-preview:-1\" \/>\n<link rel=\"canonical\" href=\"https:\/\/www.moser-marzi.at\/en\/publications\/scientific-work\/\" \/>\n<meta property=\"og:locale\" content=\"en_US\" \/>\n<meta property=\"og:type\" content=\"article\" \/>\n<meta property=\"og:title\" content=\"Articles, Books and Scientific Work - Mag. Elisabeth Moser-Marzi\" \/>\n<meta property=\"og:description\" content=\"Scientific work - Law firm Mag. Moser-Marzi, Attorneys-at-Law in Vienna for civil law, economic law, environmental law, waste management law.\" \/>\n<meta property=\"og:url\" content=\"https:\/\/www.moser-marzi.at\/en\/publications\/scientific-work\/\" \/>\n<meta property=\"og:site_name\" content=\"Mag. Elisabeth Moser-Marzi\" \/>\n<meta property=\"article:modified_time\" content=\"2026-04-23T16:50:52+00:00\" \/>\n<meta name=\"twitter:card\" content=\"summary_large_image\" \/>\n<meta name=\"twitter:label1\" content=\"Est. reading time\" \/>\n\t<meta name=\"twitter:data1\" content=\"8 minutes\" \/>\n<script type=\"application\/ld+json\" class=\"yoast-schema-graph\">{\"@context\":\"https:\\\/\\\/schema.org\",\"@graph\":[{\"@type\":\"WebPage\",\"@id\":\"https:\\\/\\\/www.moser-marzi.at\\\/en\\\/publications\\\/scientific-work\\\/\",\"url\":\"https:\\\/\\\/www.moser-marzi.at\\\/en\\\/publications\\\/scientific-work\\\/\",\"name\":\"Articles, Books and Scientific Work - Mag. Elisabeth Moser-Marzi\",\"isPartOf\":{\"@id\":\"https:\\\/\\\/www.moser-marzi.at\\\/en\\\/#website\"},\"datePublished\":\"2021-04-06T15:11:19+00:00\",\"dateModified\":\"2026-04-23T16:50:52+00:00\",\"description\":\"Scientific work - Law firm Mag. Moser-Marzi, Attorneys-at-Law in Vienna for civil law, economic law, environmental law, waste management law.\",\"breadcrumb\":{\"@id\":\"https:\\\/\\\/www.moser-marzi.at\\\/en\\\/publications\\\/scientific-work\\\/#breadcrumb\"},\"inLanguage\":\"en-US\",\"potentialAction\":[{\"@type\":\"ReadAction\",\"target\":[\"https:\\\/\\\/www.moser-marzi.at\\\/en\\\/publications\\\/scientific-work\\\/\"]}]},{\"@type\":\"BreadcrumbList\",\"@id\":\"https:\\\/\\\/www.moser-marzi.at\\\/en\\\/publications\\\/scientific-work\\\/#breadcrumb\",\"itemListElement\":[{\"@type\":\"ListItem\",\"position\":1,\"name\":\"Startseite\",\"item\":\"https:\\\/\\\/www.moser-marzi.at\\\/en\\\/\"},{\"@type\":\"ListItem\",\"position\":2,\"name\":\"Publications\",\"item\":\"https:\\\/\\\/www.moser-marzi.at\\\/en\\\/publications\\\/\"},{\"@type\":\"ListItem\",\"position\":3,\"name\":\"Articles, Books and Scientific Work\"}]},{\"@type\":\"WebSite\",\"@id\":\"https:\\\/\\\/www.moser-marzi.at\\\/en\\\/#website\",\"url\":\"https:\\\/\\\/www.moser-marzi.at\\\/en\\\/\",\"name\":\"Mag. Elisabeth Moser-Marzi\",\"description\":\"Rechtsanw\u00e4ltin\",\"publisher\":{\"@id\":\"https:\\\/\\\/www.moser-marzi.at\\\/en\\\/#\\\/schema\\\/person\\\/1df22599b1eaaf612698364047955fe1\"},\"potentialAction\":[{\"@type\":\"SearchAction\",\"target\":{\"@type\":\"EntryPoint\",\"urlTemplate\":\"https:\\\/\\\/www.moser-marzi.at\\\/en\\\/?s={search_term_string}\"},\"query-input\":{\"@type\":\"PropertyValueSpecification\",\"valueRequired\":true,\"valueName\":\"search_term_string\"}}],\"inLanguage\":\"en-US\"},{\"@type\":[\"Person\",\"Organization\"],\"@id\":\"https:\\\/\\\/www.moser-marzi.at\\\/en\\\/#\\\/schema\\\/person\\\/1df22599b1eaaf612698364047955fe1\",\"name\":\"Elisabeth Moser-Marzi\",\"image\":{\"@type\":\"ImageObject\",\"inLanguage\":\"en-US\",\"@id\":\"https:\\\/\\\/secure.gravatar.com\\\/avatar\\\/e1ee8f6ccfa74b192e8af4f37e18ea0414f6f749570e8d59e2b1b51e96d625cf?s=96&d=mm&r=g\",\"url\":\"https:\\\/\\\/secure.gravatar.com\\\/avatar\\\/e1ee8f6ccfa74b192e8af4f37e18ea0414f6f749570e8d59e2b1b51e96d625cf?s=96&d=mm&r=g\",\"contentUrl\":\"https:\\\/\\\/secure.gravatar.com\\\/avatar\\\/e1ee8f6ccfa74b192e8af4f37e18ea0414f6f749570e8d59e2b1b51e96d625cf?s=96&d=mm&r=g\",\"caption\":\"Elisabeth Moser-Marzi\"},\"logo\":{\"@id\":\"https:\\\/\\\/secure.gravatar.com\\\/avatar\\\/e1ee8f6ccfa74b192e8af4f37e18ea0414f6f749570e8d59e2b1b51e96d625cf?s=96&d=mm&r=g\"},\"sameAs\":[\"http:\\\/\\\/www.moser-marzi.at\"]}]}<\/script>\n<!-- \/ Yoast SEO plugin. -->","yoast_head_json":{"title":"Articles, Books and Scientific Work - Mag. Elisabeth Moser-Marzi","description":"Scientific work - Law firm Mag. Moser-Marzi, Attorneys-at-Law in Vienna for civil law, economic law, environmental law, waste management law.","robots":{"index":"index","follow":"follow","max-snippet":"max-snippet:-1","max-image-preview":"max-image-preview:large","max-video-preview":"max-video-preview:-1"},"canonical":"https:\/\/www.moser-marzi.at\/en\/publications\/scientific-work\/","og_locale":"en_US","og_type":"article","og_title":"Articles, Books and Scientific Work - Mag. Elisabeth Moser-Marzi","og_description":"Scientific work - Law firm Mag. Moser-Marzi, Attorneys-at-Law in Vienna for civil law, economic law, environmental law, waste management law.","og_url":"https:\/\/www.moser-marzi.at\/en\/publications\/scientific-work\/","og_site_name":"Mag. Elisabeth Moser-Marzi","article_modified_time":"2026-04-23T16:50:52+00:00","twitter_card":"summary_large_image","twitter_misc":{"Est. reading time":"8 minutes"},"schema":{"@context":"https:\/\/schema.org","@graph":[{"@type":"WebPage","@id":"https:\/\/www.moser-marzi.at\/en\/publications\/scientific-work\/","url":"https:\/\/www.moser-marzi.at\/en\/publications\/scientific-work\/","name":"Articles, Books and Scientific Work - Mag. Elisabeth Moser-Marzi","isPartOf":{"@id":"https:\/\/www.moser-marzi.at\/en\/#website"},"datePublished":"2021-04-06T15:11:19+00:00","dateModified":"2026-04-23T16:50:52+00:00","description":"Scientific work - Law firm Mag. Moser-Marzi, Attorneys-at-Law in Vienna for civil law, economic law, environmental law, waste management law.","breadcrumb":{"@id":"https:\/\/www.moser-marzi.at\/en\/publications\/scientific-work\/#breadcrumb"},"inLanguage":"en-US","potentialAction":[{"@type":"ReadAction","target":["https:\/\/www.moser-marzi.at\/en\/publications\/scientific-work\/"]}]},{"@type":"BreadcrumbList","@id":"https:\/\/www.moser-marzi.at\/en\/publications\/scientific-work\/#breadcrumb","itemListElement":[{"@type":"ListItem","position":1,"name":"Startseite","item":"https:\/\/www.moser-marzi.at\/en\/"},{"@type":"ListItem","position":2,"name":"Publications","item":"https:\/\/www.moser-marzi.at\/en\/publications\/"},{"@type":"ListItem","position":3,"name":"Articles, Books and Scientific Work"}]},{"@type":"WebSite","@id":"https:\/\/www.moser-marzi.at\/en\/#website","url":"https:\/\/www.moser-marzi.at\/en\/","name":"Mag. Elisabeth Moser-Marzi","description":"Rechtsanw\u00e4ltin","publisher":{"@id":"https:\/\/www.moser-marzi.at\/en\/#\/schema\/person\/1df22599b1eaaf612698364047955fe1"},"potentialAction":[{"@type":"SearchAction","target":{"@type":"EntryPoint","urlTemplate":"https:\/\/www.moser-marzi.at\/en\/?s={search_term_string}"},"query-input":{"@type":"PropertyValueSpecification","valueRequired":true,"valueName":"search_term_string"}}],"inLanguage":"en-US"},{"@type":["Person","Organization"],"@id":"https:\/\/www.moser-marzi.at\/en\/#\/schema\/person\/1df22599b1eaaf612698364047955fe1","name":"Elisabeth Moser-Marzi","image":{"@type":"ImageObject","inLanguage":"en-US","@id":"https:\/\/secure.gravatar.com\/avatar\/e1ee8f6ccfa74b192e8af4f37e18ea0414f6f749570e8d59e2b1b51e96d625cf?s=96&d=mm&r=g","url":"https:\/\/secure.gravatar.com\/avatar\/e1ee8f6ccfa74b192e8af4f37e18ea0414f6f749570e8d59e2b1b51e96d625cf?s=96&d=mm&r=g","contentUrl":"https:\/\/secure.gravatar.com\/avatar\/e1ee8f6ccfa74b192e8af4f37e18ea0414f6f749570e8d59e2b1b51e96d625cf?s=96&d=mm&r=g","caption":"Elisabeth Moser-Marzi"},"logo":{"@id":"https:\/\/secure.gravatar.com\/avatar\/e1ee8f6ccfa74b192e8af4f37e18ea0414f6f749570e8d59e2b1b51e96d625cf?s=96&d=mm&r=g"},"sameAs":["http:\/\/www.moser-marzi.at"]}]}},"_links":{"self":[{"href":"https:\/\/www.moser-marzi.at\/en\/wp-json\/wp\/v2\/pages\/18005","targetHints":{"allow":["GET"]}}],"collection":[{"href":"https:\/\/www.moser-marzi.at\/en\/wp-json\/wp\/v2\/pages"}],"about":[{"href":"https:\/\/www.moser-marzi.at\/en\/wp-json\/wp\/v2\/types\/page"}],"author":[{"embeddable":true,"href":"https:\/\/www.moser-marzi.at\/en\/wp-json\/wp\/v2\/users\/1"}],"replies":[{"embeddable":true,"href":"https:\/\/www.moser-marzi.at\/en\/wp-json\/wp\/v2\/comments?post=18005"}],"version-history":[{"count":5,"href":"https:\/\/www.moser-marzi.at\/en\/wp-json\/wp\/v2\/pages\/18005\/revisions"}],"predecessor-version":[{"id":19162,"href":"https:\/\/www.moser-marzi.at\/en\/wp-json\/wp\/v2\/pages\/18005\/revisions\/19162"}],"up":[{"embeddable":true,"href":"https:\/\/www.moser-marzi.at\/en\/wp-json\/wp\/v2\/pages\/17989"}],"wp:attachment":[{"href":"https:\/\/www.moser-marzi.at\/en\/wp-json\/wp\/v2\/media?parent=18005"}],"curies":[{"name":"wp","href":"https:\/\/api.w.org\/{rel}","templated":true}]}}